{"id":1247,"date":"2018-05-10T11:18:14","date_gmt":"2018-05-10T11:18:14","guid":{"rendered":"http:\/\/www.iesislaverde.es\/?page_id=1247"},"modified":"2021-09-30T14:54:25","modified_gmt":"2021-09-30T14:54:25","slug":"consejo-escolar","status":"publish","type":"page","link":"https:\/\/dev.iesislaverde.es\/index.php\/consejo-escolar\/","title":{"rendered":"Consejo Escolar"},"content":{"rendered":"<p>[vc_row][vc_column][vc_empty_space][vc_column_text]<\/p>\n<h4>INTEGRANTES DEL CONSEJO ESCOLAR.<\/h4>\n<div class=\"col-sm-8 heading-right\">\n<ul class=\"privacy-listing\">\n<li><strong>MIEMBROS NATOS<\/strong><\/li>\n<\/ul>\n<p style=\"padding-left: 40px;\">Iglesias Rodr\u00edguez, Francisco de As\u00eds (Presidente)<\/p>\n<p style=\"padding-left: 40px;\">Rodriguez-Manche\u00f1o Gallardo, Emilio Sim\u00f3n<\/p>\n<p style=\"padding-left: 40px;\">Acedo Campa\u00f1a, Jorge (Secretario)<\/p>\n<ul>\n<li><strong>PROFESORADO<\/strong><\/li>\n<\/ul>\n<p style=\"padding-left: 40px;\">\u00a0Alconchel Carretero, Eva<\/p>\n<p style=\"padding-left: 40px;\">Aldana Morillo, M\u00aa Dolores<\/p>\n<p style=\"padding-left: 40px;\">Cervera P\u00e9rez, Ana Bel\u00e9n<\/p>\n<p style=\"padding-left: 40px;\">Corbacho Zapata, Pedro<\/p>\n<p style=\"padding-left: 40px;\">Guerrero Sevilla, Lorena<\/p>\n<p style=\"padding-left: 40px;\">Lajara Oliver, Mercedes<\/p>\n<p style=\"padding-left: 40px;\">Ord\u00f3\u00f1ez Ferreiro, Noemi<\/p>\n<p style=\"padding-left: 40px;\">Vega Valle, Juan Luis<\/p>\n<ul>\n<li><strong>MADRES\/PADRES<\/strong><\/li>\n<\/ul>\n<p style=\"padding-left: 40px;\">Chaves Perea, Alicia<\/p>\n<p style=\"padding-left: 40px;\">Guijarro Delicado, Paola Carmen<\/p>\n<p style=\"padding-left: 40px;\">Guti\u00e9rrez Trola, \u00c1ngela<\/p>\n<p style=\"padding-left: 40px;\">Romero Trivi\u00f1o, Mercedes<\/p>\n<p style=\"padding-left: 40px;\">Sarria Gait\u00e1n, Esperanza<\/p>\n<ul>\n<li><strong>ALUMNADO<\/strong><\/li>\n<\/ul>\n<p style=\"padding-left: 40px;\">De la Torre Monroy, Celeste<\/p>\n<p style=\"padding-left: 40px;\">Del Valle Sad\u00e9n, Miranda<\/p>\n<p style=\"padding-left: 40px;\">Rodr\u00edguez Infante, \u00c1ngela<\/p>\n<\/div>\n<div class=\"col-sm-8 heading-right\">\n<p style=\"padding-left: 40px;\">Utrera Medina, Luc\u00eda<\/p>\n<p style=\"padding-left: 40px;\">Valencia Salas, Alba<\/p>\n<ul>\n<li><strong>P.A.S.<\/strong><\/li>\n<\/ul>\n<p style=\"padding-left: 40px;\">Murgado Rodr\u00edguez, Salvador<\/p>\n<ul>\n<li><strong>REPRESENT. MUNICIPAL<\/strong><\/li>\n<\/ul>\n<p style=\"padding-left: 40px;\">Manchado Puntas, Emilio Jes\u00fas<\/p>\n<\/div>\n<p>[\/vc_column_text][\/vc_column][\/vc_row][vc_row][vc_column][vc_empty_space][\/vc_column][\/vc_row]<\/p>\n","protected":false},"excerpt":{"rendered":"<p>[vc_row][vc_column][vc_empty_space][vc_column_text] INTEGRANTES DEL CONSEJO ESCOLAR. MIEMBROS NATOS Iglesias Rodr\u00edguez, Francisco de As\u00eds (Presidente) Rodriguez-Manche\u00f1o Gallardo, Emilio Sim\u00f3n Acedo Campa\u00f1a, Jorge (Secretario) PROFESORADO \u00a0Alconchel Carretero, Eva Aldana Morillo, M\u00aa Dolores Cervera P\u00e9rez, Ana Bel\u00e9n Corbacho Zapata, Pedro Guerrero Sevilla, Lorena Lajara Oliver, Mercedes Ord\u00f3\u00f1ez Ferreiro, Noemi Vega Valle, Juan Luis MADRES\/PADRES Chaves Perea, Alicia Guijarro Delicado, [&hellip;]<\/p>\n","protected":false},"author":15,"featured_media":0,"parent":0,"menu_order":0,"comment_status":"closed","ping_status":"closed","template":"template\/contact.php","meta":{"footnotes":""},"class_list":["post-1247","page","type-page","status-publish","hentry"],"_links":{"self":[{"href":"https:\/\/dev.iesislaverde.es\/index.php\/wp-json\/wp\/v2\/pages\/1247","targetHints":{"allow":["GET"]}}],"collection":[{"href":"https:\/\/dev.iesislaverde.es\/index.php\/wp-json\/wp\/v2\/pages"}],"about":[{"href":"https:\/\/dev.iesislaverde.es\/index.php\/wp-json\/wp\/v2\/types\/page"}],"author":[{"embeddable":true,"href":"https:\/\/dev.iesislaverde.es\/index.php\/wp-json\/wp\/v2\/users\/15"}],"replies":[{"embeddable":true,"href":"https:\/\/dev.iesislaverde.es\/index.php\/wp-json\/wp\/v2\/comments?post=1247"}],"version-history":[{"count":6,"href":"https:\/\/dev.iesislaverde.es\/index.php\/wp-json\/wp\/v2\/pages\/1247\/revisions"}],"predecessor-version":[{"id":3551,"href":"https:\/\/dev.iesislaverde.es\/index.php\/wp-json\/wp\/v2\/pages\/1247\/revisions\/3551"}],"wp:attachment":[{"href":"https:\/\/dev.iesislaverde.es\/index.php\/wp-json\/wp\/v2\/media?parent=1247"}],"curies":[{"name":"wp","href":"https:\/\/api.w.org\/{rel}","templated":true}]}}