{"id":1255,"date":"2018-05-10T11:33:48","date_gmt":"2018-05-10T11:33:48","guid":{"rendered":"http:\/\/www.iesislaverde.es\/?page_id=1255"},"modified":"2021-02-01T19:16:33","modified_gmt":"2021-02-01T19:16:33","slug":"profesorado","status":"publish","type":"page","link":"https:\/\/dev.iesislaverde.es\/index.php\/profesorado\/","title":{"rendered":"Profesorado"},"content":{"rendered":"<p>[vc_row][vc_column][vc_empty_space][\/vc_column][\/vc_row][vc_row][vc_column][vc_column_text el_class=&#8221;.tabla &#8220;]<\/p>\n<table width=\"600\">\n<tbody>\n<tr>\n<td width=\"301\">Profesorado<\/td>\n<td width=\"299\">Especialidad<\/td>\n<\/tr>\n<tr>\n<td width=\"301\">Acedo Campa\u00f1a, Jorge<\/td>\n<td width=\"299\">Econom\u00eda P.E.S.<\/td>\n<\/tr>\n<tr>\n<td width=\"301\">Alconchel Carretero, Eva<\/td>\n<td width=\"299\">Religi\u00f3n<\/td>\n<\/tr>\n<tr>\n<td width=\"301\">Aldana Morillo, Mar\u00eda Dolores<\/td>\n<td width=\"299\">Matem\u00e1ticas P.E.S.<\/td>\n<\/tr>\n<tr>\n<td width=\"301\">\u00c1lvarez Miralles, Noelia<\/td>\n<td width=\"299\">Lengua Castellana y Literatura P.E.S.<\/td>\n<\/tr>\n<tr>\n<td width=\"301\">Arrese-Igor Artola, Alberto<\/td>\n<td width=\"299\">Filosof\u00eda P.E.S.<\/td>\n<\/tr>\n<tr>\n<td width=\"301\">Banderas Moreno, \u00c1lvaro<\/td>\n<td width=\"299\">Procesos Comerciales P.T.F.P.<\/td>\n<\/tr>\n<tr>\n<td width=\"301\">Barroso Pe\u00f1alver, Ra\u00fal<\/td>\n<td width=\"299\">Matem\u00e1ticas P.E.S.<\/td>\n<\/tr>\n<tr>\n<td width=\"301\">Ben\u00edtez Gil, Isabel<\/td>\n<td width=\"299\">Franc\u00e9s P.E.S.<\/td>\n<\/tr>\n<tr>\n<td width=\"301\">Blanco Corral, Mar\u00eda Inmaculada<\/td>\n<td width=\"299\">Ingl\u00e9s P.E.S.<\/td>\n<\/tr>\n<tr>\n<td width=\"301\">Blanco Cuenca, Juan Luis<\/td>\n<td width=\"299\">Geograf\u00eda e Historia P.E.S.<\/td>\n<\/tr>\n<tr>\n<td width=\"301\">Bravo S\u00e1nchez, Cristina<\/td>\n<td width=\"299\">Cultura Cl\u00e1sica P.E.S.<\/td>\n<\/tr>\n<tr>\n<td width=\"301\">Cabrera Bravo, Emilio Jes\u00fas<\/td>\n<td width=\"299\">Lengua Castellana y Literatura P.E.S.<\/td>\n<\/tr>\n<tr>\n<td width=\"301\">Calder\u00f3n Herrera, M. Del Carmen<\/td>\n<td width=\"299\">Biolog\u00eda y Geolog\u00eda P.E.S.<\/td>\n<\/tr>\n<tr>\n<td width=\"301\">Castilla Picazo, Palma Mar\u00eda<\/td>\n<td width=\"299\">Geograf\u00eda e Historia P.E.S.<\/td>\n<\/tr>\n<tr>\n<td width=\"301\">Cerrillo Ruiz, Pablo<\/td>\n<td width=\"299\">Inform\u00e1tica P.E.S.<\/td>\n<\/tr>\n<tr>\n<td width=\"301\">Cervera P\u00e9rez, Ana Bel\u00e9n<\/td>\n<td width=\"299\">Lengua Castellana y Literatura P.E.S.<\/td>\n<\/tr>\n<tr>\n<td width=\"301\">Corbacho Zapata, Pedro<\/td>\n<td width=\"299\">Organizaci\u00f3n y Gesti\u00f3n Comercial P.E.S.<\/td>\n<\/tr>\n<tr>\n<td width=\"301\">Crespillo Cabello, Ana del Mar<\/td>\n<td width=\"299\">Area Cient\u00edfico-Tecnolog. (Apoyo Covid)<\/td>\n<\/tr>\n<tr>\n<td width=\"301\">D\u00edaz Montenegro, Ignacio<\/td>\n<td width=\"299\">Econom\u00eda P.E.S.<\/td>\n<\/tr>\n<tr>\n<td width=\"301\">Dom\u00ednguez L\u00f3pez, Mar\u00eda Dolores<\/td>\n<td width=\"299\">Organizaci\u00f3n y Gesti\u00f3n Comercial P.E.S.<\/td>\n<\/tr>\n<tr>\n<td width=\"301\">Do\u00f1a Soto, Mar\u00eda Almudena<\/td>\n<td width=\"299\">Organizaci\u00f3n y Gesti\u00f3n Comercial P.E.S.<\/td>\n<\/tr>\n<tr>\n<td width=\"301\">Escobar Guerrero, M\u00aa Jos\u00e9<\/td>\n<td width=\"299\">Organizaci\u00f3n y Gesti\u00f3n Comercial P.E.S.<\/td>\n<\/tr>\n<tr>\n<td width=\"301\">Espigares Nayach, Miguel<\/td>\n<td width=\"299\">Matem\u00e1ticas P.E.S.<\/td>\n<\/tr>\n<tr>\n<td width=\"301\">Fern\u00e1ndez P\u00e9rez, Mar\u00eda del Prado<\/td>\n<td width=\"299\">Procesos Comerciales P.T.F.P.<\/td>\n<\/tr>\n<tr>\n<td width=\"301\">Gal\u00e1n Mel\u00e9ndez, Sergio Alonso<\/td>\n<td width=\"299\">F\u00edsica y Qu\u00edmica P.E.S.<\/td>\n<\/tr>\n<tr>\n<td width=\"301\">Gallego Conejo, Antonio<\/td>\n<td width=\"299\">Org. y Gesti\u00f3n Comercial Pes (Fp Dual)<\/td>\n<\/tr>\n<tr>\n<td width=\"301\">Gamero Rojas, Mar\u00eda Auxiliadora<\/td>\n<td width=\"299\">Matem\u00e1ticas P.E.S.<\/td>\n<\/tr>\n<tr>\n<td width=\"301\">Garc\u00eda Berm\u00fadez, David<\/td>\n<td width=\"299\">Organizaci\u00f3n y Gesti\u00f3n Comercial P.E.S.<\/td>\n<\/tr>\n<tr>\n<td width=\"301\">Garc\u00eda Gonz\u00e1lez, Carmen<\/td>\n<td width=\"299\">Ingl\u00e9s P.E.S.<\/td>\n<\/tr>\n<tr>\n<td width=\"301\">Garc\u00eda Mori, Marisa<\/td>\n<td width=\"299\">Procesos Comerciales P.T.F.P.<\/td>\n<\/tr>\n<tr>\n<td width=\"301\">Guerrero Sevilla, Lorena<\/td>\n<td width=\"299\">Organizaci\u00f3n y Gesti\u00f3n Comercial P.E.S.<\/td>\n<\/tr>\n<tr>\n<td width=\"301\">Guti\u00e9rrez Bodas, Eva<\/td>\n<td width=\"299\">Area de Lengua y CC. Soc. (Apoyo Covid)<\/td>\n<\/tr>\n<tr>\n<td width=\"301\">Herrero Gonz\u00e1lez, Mar\u00eda Jes\u00fas<\/td>\n<td width=\"299\">M\u00fasica P.E.S.<\/td>\n<\/tr>\n<tr>\n<td width=\"301\">Hidalgo Jim\u00e9nez, Francisco Javier<\/td>\n<td width=\"299\">Area de Lengua y CC. Soc. (Apoyo Covid)<\/td>\n<\/tr>\n<tr>\n<td width=\"301\">Iglesias Rodr\u00edguez, Francisco de As\u00eds<\/td>\n<td width=\"299\">F\u00edsica y Qu\u00edmica P.E.S.<\/td>\n<\/tr>\n<tr>\n<td width=\"301\">Jim\u00e9nez Romero, Inmaculada<\/td>\n<td width=\"299\">Matem\u00e1ticas P.E.S.<\/td>\n<\/tr>\n<tr>\n<td width=\"301\">Jurado Madue\u00f1o, Sara<\/td>\n<td width=\"299\">F\u00edsica y Qu\u00edmica P.E.S.<\/td>\n<\/tr>\n<tr>\n<td width=\"301\">Lajara Oliver, Mercedes<\/td>\n<td width=\"299\">Formaci\u00f3n y Orientaci\u00f3n Laboral P.E.S.<\/td>\n<\/tr>\n<tr>\n<td width=\"301\">Llopis Alba, Alejandro Alfonso<\/td>\n<td width=\"299\">Dibujo P.E.S.<\/td>\n<\/tr>\n<tr>\n<td width=\"301\">Lobato Moreno, Juan Jes\u00fas<\/td>\n<td width=\"299\">Dibujo P.E.S.<\/td>\n<\/tr>\n<tr>\n<td width=\"301\">L\u00f3pez Guerrero, Mercedes<\/td>\n<td width=\"299\">Pedagog\u00eda Terapeutica Eso<\/td>\n<\/tr>\n<tr>\n<td width=\"301\">L\u00f3pez Lizaur, Mar\u00eda Palma<\/td>\n<td width=\"299\">Procesos Comerciales P.T.F.P.<\/td>\n<\/tr>\n<tr>\n<td width=\"301\">Luna Gavil\u00e1n, M\u00f3nica<\/td>\n<td width=\"299\">Lengua Castellana y Literatura P.E.S.<\/td>\n<\/tr>\n<tr>\n<td width=\"301\">Lupi\u00e1\u00f1ez Rosillo, Tamara<\/td>\n<td width=\"299\">Ingl\u00e9s P.E.S.<\/td>\n<\/tr>\n<tr>\n<td width=\"301\">Luque L\u00f3pez, Juan Carlos<\/td>\n<td width=\"299\">F\u00edsica y Qu\u00edmica P.E.S.<\/td>\n<\/tr>\n<tr>\n<td width=\"301\">Martins Fern\u00e1ndez, Christian<\/td>\n<td width=\"299\">Lengua Castellana y Literatura P.E.S.<\/td>\n<\/tr>\n<tr>\n<td width=\"301\">Mata Dom\u00ednguez, Rafael<\/td>\n<td width=\"299\">Matem\u00e1ticas P.E.S.<\/td>\n<\/tr>\n<tr>\n<td width=\"301\">Medina Baraza, Francisco Javier<\/td>\n<td width=\"299\">Educaci\u00f3n F\u00edsica P.E.S.<\/td>\n<\/tr>\n<tr>\n<td width=\"301\">Moreno Ortiz, David<\/td>\n<td width=\"299\">Organizaci\u00f3n y Gesti\u00f3n Comercial P.E.S.<\/td>\n<\/tr>\n<tr>\n<td width=\"301\">Mu\u00f1oz S\u00e1nchez, Oscar M\u00e1ximo<\/td>\n<td width=\"299\">Filosof\u00eda P.E.S.<\/td>\n<\/tr>\n<tr>\n<td width=\"301\">Navarro Castillo, Mar\u00eda Jos\u00e9<\/td>\n<td width=\"299\">Biolog\u00eda y Geolog\u00eda P.E.S.<\/td>\n<\/tr>\n<tr>\n<td width=\"301\">P\u00e1ramo Guti\u00e9rrez, M. Jes\u00fas<\/td>\n<td width=\"299\">Ingl\u00e9s P.E.S.<\/td>\n<\/tr>\n<tr>\n<td width=\"301\">P\u00e9rez Berrocal, Mar\u00eda de los \u00c1ngeles<\/td>\n<td width=\"299\">Procesos Comerciales P.T.F.P.<\/td>\n<\/tr>\n<tr>\n<td width=\"301\">P\u00e9rez P\u00e9rez, Macarena<\/td>\n<td width=\"299\">Geograf\u00eda e Historia P.E.S.<\/td>\n<\/tr>\n<tr>\n<td width=\"301\">P\u00e9rez Ramos, Cecilia<\/td>\n<td width=\"299\">Ingl\u00e9s P.E.S.<\/td>\n<\/tr>\n<tr>\n<td width=\"301\">P\u00e9rez Torrecillas, Mar\u00eda Clara<\/td>\n<td width=\"299\">Ingl\u00e9s P.E.S.<\/td>\n<\/tr>\n<tr>\n<td width=\"301\">Pomares Valencia, Jos\u00e9 Antonio<\/td>\n<td width=\"299\">Franc\u00e9s P.E.S.<\/td>\n<\/tr>\n<tr>\n<td width=\"301\">Quevedo Bonilla, Rosa Mar\u00eda<\/td>\n<td width=\"299\">Procesos Comerciales P.T.F.P.<\/td>\n<\/tr>\n<tr>\n<td width=\"301\">Quintanilla Ca\u00f1as, Ana Mar\u00eda<\/td>\n<td width=\"299\">Matem\u00e1ticas P.E.S.<\/td>\n<\/tr>\n<tr>\n<td width=\"301\">Ragel L\u00f3pez, Gertrudis<\/td>\n<td width=\"299\">Geograf\u00eda e Historia P.E.S.<\/td>\n<\/tr>\n<tr>\n<td width=\"301\">Ramos Mart\u00ednez, Teresa<\/td>\n<td width=\"299\">Lengua Castellana y Literatura P.E.S.<\/td>\n<\/tr>\n<tr>\n<td width=\"301\">Rodr\u00edguez Fern\u00e1ndez, Sergio<\/td>\n<td width=\"299\">Tecnolog\u00eda P.E.S.<\/td>\n<\/tr>\n<tr>\n<td width=\"301\">Rodr\u00edguez Moreno, Juan Crist\u00f3bal<\/td>\n<td width=\"299\">Educaci\u00f3n F\u00edsica P.E.S.<\/td>\n<\/tr>\n<tr>\n<td width=\"301\">Rodr\u00edguez-Manche\u00f1o Gallardo, Emilio Sim\u00f3n<\/td>\n<td width=\"299\">Idioma Extranjero-Ingl\u00e9s (Secundaria)<\/td>\n<\/tr>\n<tr>\n<td width=\"301\">Romero Tamayo, Cristina<\/td>\n<td width=\"299\">Franc\u00e9s P.E.S.<\/td>\n<\/tr>\n<tr>\n<td width=\"301\">Ruiz Damas, Amaya<\/td>\n<td width=\"299\">Geograf\u00eda e Historia P.E.S.<\/td>\n<\/tr>\n<tr>\n<td width=\"301\">Ruiz Mar\u00edn, Miguel de los Santos<\/td>\n<td width=\"299\">Geograf\u00eda e Historia P.E.S.<\/td>\n<\/tr>\n<tr>\n<td width=\"301\">S\u00e1nchez Camacho, Ver\u00f3nica<\/td>\n<td width=\"299\">Tecnolog\u00eda P.E.S.<\/td>\n<\/tr>\n<tr>\n<td width=\"301\">S\u00e1nchez Mu\u00f1oz, Francisco Javier<\/td>\n<td width=\"299\">Ingl\u00e9s P.E.S.<\/td>\n<\/tr>\n<tr>\n<td width=\"301\">S\u00e1nchez Trivi\u00f1o, Josefa<\/td>\n<td width=\"299\">Inform\u00e1tica P.E.S.<\/td>\n<\/tr>\n<tr>\n<td width=\"301\">Santos Castro, Ver\u00f3nica Esther<\/td>\n<td width=\"299\">Biolog\u00eda y Geolog\u00eda P.E.S.<\/td>\n<\/tr>\n<tr>\n<td width=\"301\">Ter\u00e1n Santander, Mari Luz<\/td>\n<td width=\"299\">Lengua Castellana y Literatura P.E.S.<\/td>\n<\/tr>\n<tr>\n<td width=\"301\">Torres Vaquera, Amelia<\/td>\n<td width=\"299\">Orientaci\u00f3n Educativa P.E.S.<\/td>\n<\/tr>\n<tr>\n<td width=\"301\">Vacas Acero, Enrique<\/td>\n<td width=\"299\">Lengua Castellana y Literatura P.E.S.<\/td>\n<\/tr>\n<tr>\n<td width=\"301\">V\u00e1zquez Fern\u00e1ndez, Jos\u00e9 Mar\u00eda<\/td>\n<td width=\"299\">Matem\u00e1ticas P.E.S.<\/td>\n<\/tr>\n<tr>\n<td width=\"301\">Vega Rosado, Antonio<\/td>\n<td width=\"299\">Matem\u00e1ticas P.E.S.<\/td>\n<\/tr>\n<tr>\n<td width=\"301\">Vega Valle, Juan Luis<\/td>\n<td width=\"299\">Procesos Comerciales Ptfp (Fp Dual)<\/td>\n<\/tr>\n<tr>\n<td width=\"301\">Vela S\u00e1nchez, Marta<\/td>\n<td width=\"299\">Ingl\u00e9s P.E.S.<\/td>\n<\/tr>\n<tr>\n<td width=\"301\">Virues Vallejo, Francisco Javier<\/td>\n<td width=\"299\">Tecnolog\u00eda P.E.S.<\/td>\n<\/tr>\n<\/tbody>\n<\/table>\n<p>[\/vc_column_text][\/vc_column][\/vc_row][vc_column][\/vc_column]<\/p>\n","protected":false},"excerpt":{"rendered":"<p>[vc_row][vc_column][vc_empty_space][\/vc_column][\/vc_row][vc_row][vc_column][vc_column_text el_class=&#8221;.tabla &#8220;] Profesorado Especialidad Acedo Campa\u00f1a, Jorge Econom\u00eda P.E.S. Alconchel Carretero, Eva Religi\u00f3n Aldana Morillo, Mar\u00eda Dolores Matem\u00e1ticas P.E.S. \u00c1lvarez Miralles, Noelia Lengua Castellana y Literatura P.E.S. Arrese-Igor Artola, Alberto Filosof\u00eda P.E.S. Banderas Moreno, \u00c1lvaro Procesos Comerciales P.T.F.P. Barroso Pe\u00f1alver, Ra\u00fal Matem\u00e1ticas P.E.S. Ben\u00edtez Gil, Isabel Franc\u00e9s P.E.S. Blanco Corral, Mar\u00eda Inmaculada Ingl\u00e9s P.E.S. [&hellip;]<\/p>\n","protected":false},"author":15,"featured_media":0,"parent":0,"menu_order":0,"comment_status":"closed","ping_status":"closed","template":"template\/contact.php","meta":{"footnotes":""},"class_list":["post-1255","page","type-page","status-publish","hentry"],"_links":{"self":[{"href":"https:\/\/dev.iesislaverde.es\/index.php\/wp-json\/wp\/v2\/pages\/1255","targetHints":{"allow":["GET"]}}],"collection":[{"href":"https:\/\/dev.iesislaverde.es\/index.php\/wp-json\/wp\/v2\/pages"}],"about":[{"href":"https:\/\/dev.iesislaverde.es\/index.php\/wp-json\/wp\/v2\/types\/page"}],"author":[{"embeddable":true,"href":"https:\/\/dev.iesislaverde.es\/index.php\/wp-json\/wp\/v2\/users\/15"}],"replies":[{"embeddable":true,"href":"https:\/\/dev.iesislaverde.es\/index.php\/wp-json\/wp\/v2\/comments?post=1255"}],"version-history":[{"count":7,"href":"https:\/\/dev.iesislaverde.es\/index.php\/wp-json\/wp\/v2\/pages\/1255\/revisions"}],"predecessor-version":[{"id":3137,"href":"https:\/\/dev.iesislaverde.es\/index.php\/wp-json\/wp\/v2\/pages\/1255\/revisions\/3137"}],"wp:attachment":[{"href":"https:\/\/dev.iesislaverde.es\/index.php\/wp-json\/wp\/v2\/media?parent=1255"}],"curies":[{"name":"wp","href":"https:\/\/api.w.org\/{rel}","templated":true}]}}