{"id":1979,"date":"2018-06-12T08:14:25","date_gmt":"2018-06-12T08:14:25","guid":{"rendered":"http:\/\/www.iesislaverde.es\/?page_id=1979"},"modified":"2020-12-04T13:49:54","modified_gmt":"2020-12-04T13:49:54","slug":"plc","status":"publish","type":"page","link":"https:\/\/dev.iesislaverde.es\/index.php\/plc\/","title":{"rendered":"PLC"},"content":{"rendered":"<p>[vc_row][vc_column][vc_empty_space][vc_column_text]Bienvenid@s a la p\u00e1gina del Proyecto Ling\u00fc\u00edstico de Centro del IES ISLA VERDE.<br \/>\nEst\u00e1 pensada para dar a conocer nuestro PLC. Aqu\u00ed se pueden consultar las distintas actuaciones que se llevan a cabo en nuestro centro en relaci\u00f3n con las cuatro destrezas ling\u00fc\u00edsticas: leer, escribir, hablar y escuchar.[\/vc_column_text][\/vc_column][\/vc_row][vc_row][vc_column][vc_toggle title=&#8221;PRUEBAS DE DIAGN\u00d3STICO&#8221; style=&#8221;square_outline&#8221; color=&#8221;peacoc&#8221; size=&#8221;sm&#8221;]<\/p>\n<p style=\"text-align: justify;\">Tras el inicio del curso, donde hemos trabajado en la creaci\u00f3n de la comisi\u00f3n PLC, as\u00ed como en la elaboraci\u00f3n del plan de actuaci\u00f3n teniendo en cuenta los resultados de a\u00f1os anteriores y valorando los datos en competencia ling\u00fc\u00edstica que arrojan la evaluaci\u00f3n competencial que realizamos en nuestro centro, llegamos a la conclusi\u00f3n de la necesidad de llevar a cabo una evaluaci\u00f3n de diagn\u00f3stico m\u00e1s completa para dar prioridad a aquellos aspectos donde nuestro alumnado presenta m\u00e1s carencias y, de esta manera, poder abordarlos.Su elaboraci\u00f3n y valoraci\u00f3n de resultados nos llevar\u00e1 gran parte de la segunda evaluaci\u00f3n.<\/p>\n<p>[\/vc_toggle][vc_toggle title=&#8221;TRATAMIENTO DE LA ORALIDAD&#8221; style=&#8221;square_outline&#8221; color=&#8221;peacoc&#8221; size=&#8221;sm&#8221;]<\/p>\n<p style=\"text-align: justify;\">La oralidad es una parte fundamental del desarrollo global del alumnado, siendo una faceta crucial de la competencia ling\u00fc\u00edstica y comunicativa. Como en otros centros, principalmente aquellos vinculamos a PLC, el tratamiento de la oralidad se convierte en otro de los objetivos prioritarios para lograr que los alumnos y alumnas accedan a unas adecuadas estrategias orales y dominio de la lengua, lo que, en s\u00ed mismo, les abrir\u00e1 puertas.<br \/>\nPor ello, y siendo nuestro primer a\u00f1o, estamos trabajando en la creaci\u00f3n de una o varias r\u00fabricas comunes que el alumnado conocer\u00e1, y que ser\u00e1n facilitadas a trav\u00e9s de este espacio.<\/p>\n<div class=\"col-sm-8 heading-right\">\n<ul class=\"privacy-listing\">\n<li><a href=\"https:\/\/www.dropbox.com\/s\/n9o8faxwov6n1xo\/R%C3%9ABRICA%20%20PLC%20DEFINITIVA%20CON%20CALENDARIO.pdf?dl=0\" target=\"_blank\" rel=\"noopener noreferrer\">R\u00daBRICA PLC DEFINITIVA CON CALENDARIO<\/a><\/li>\n<\/ul>\n<\/div>\n<p>[\/vc_toggle][vc_toggle title=&#8221;PLAN DE ORTOGRAF\u00cdA&#8221; style=&#8221;square_outline&#8221; color=&#8221;peacoc&#8221; size=&#8221;sm&#8221;]<\/p>\n<p style=\"text-align: justify;\">Una de las l\u00edneas prioritarias de nuestro PLC era la mejora inminente de la ortograf\u00eda de nuestro alumnado. Para ello, adjuntaremos el plan que se est\u00e1 terminando de elaborar con la aportaci\u00f3n de los diferentes departamentos y bajo la supervisi\u00f3n de la comisi\u00f3n PLC.<\/p>\n<div class=\"col-sm-8 heading-right\">\n<ul class=\"privacy-listing\">\n<li><a href=\"https:\/\/www.dropbox.com\/s\/6w7b3gpive26ig1\/ORTOGRAF%C3%8DA%20AGENDA.pdf?dl=0\" target=\"_blank\" rel=\"noopener noreferrer\">ORTOGRAF\u00cdA AGENDA<\/a><\/li>\n<li><a href=\"https:\/\/www.dropbox.com\/s\/jzbc8sptco7wm5u\/PLAN%20DE%20ORTOGRAF%C3%8DA%20FINAL.pdf?dl=0\" target=\"_blank\" rel=\"noopener noreferrer\">PLAN DE ORTOGRAF\u00cdA FINAL<\/a><\/li>\n<\/ul>\n<\/div>\n<p>[\/vc_toggle][vc_toggle title=&#8221;MANUAL DE ESTILO&#8221; style=&#8221;square_outline&#8221; color=&#8221;peacoc&#8221; size=&#8221;sm&#8221;]Pod\u00e9is descargar el Manual de Estilo general del centro en sus diferentes apartados: Sobre el cuaderno de clase, presentaci\u00f3n de trabajos, redacciones, presentaciones, r\u00fabrica para la correcci\u00f3n de cuadernos, as\u00ed como diferentes aportes de las \u00e1reas de conocimiento a tener en cuenta en las diferentes materias. Este manual ser\u00e1 b\u00e1sico para todo el centro, y deber\u00e1 ser tenido en cuanta por el alumnado y el profesorado. Desde el centro se arbitrar\u00e1n las medidas para su uso, conocimiento y difusi\u00f3n a toda la comunidad educativa.<\/p>\n<p><a href=\"https:\/\/www.dropbox.com\/s\/as3cfpoyxo78r46\/MANUAL%20ESTILO%20DEF.pdf?dl=0\">DESCARGAR EL MANUAL DE ESTILO<\/a><\/p>\n<p><a href=\"https:\/\/dev.iesislaverde.es\/wp-content\/uploads\/2020\/12\/rubrica_cuadernos_reducida.pdf\">R\u00daBRICA PARA LA CORRECI\u00d3N DE CUADERNOS REDUCIDA<\/a><\/p>\n<p><a href=\"https:\/\/dev.iesislaverde.es\/wp-content\/uploads\/2020\/05\/r\u00fabrica_en_trabajos_monograficos_vertical_logo_nuevo.pdf\">R\u00daBRICA PARA LA CORRECCI\u00d3N DE TRABAJOS MONOGR\u00c1FICOS<\/a>[\/vc_toggle][vc_toggle title=&#8221;PLAN GENERAL DE LECTURA. ITINERARIOS LECTORES&#8221; style=&#8221;square_outline&#8221; color=&#8221;peacoc&#8221; size=&#8221;sm&#8221;]<a href=\"https:\/\/www.dropbox.com\/s\/3yuk0364yenkwjf\/CARTEL_ITINERARIO_LECTOR.pdf?dl=0\">Itinerario lector ESO<\/a><\/p>\n<p><a href=\"https:\/\/dev.iesislaverde.es\/wp-content\/uploads\/2020\/02\/CARTEL_ITINERARIO_LECTOR.pdf\" class=\"pdfemb-viewer\" style=\"\" data-width=\"max\" data-height=\"max\"  data-toolbar=\"bottom\" data-toolbar-fixed=\"off\">CARTEL_ITINERARIO_LECTOR<br\/><\/a>[\/vc_toggle][\/vc_column][\/vc_row]<\/p>\n","protected":false},"excerpt":{"rendered":"<p>[vc_row][vc_column][vc_empty_space][vc_column_text]Bienvenid@s a la p\u00e1gina del Proyecto Ling\u00fc\u00edstico de Centro del IES ISLA VERDE. Est\u00e1 pensada para dar a conocer nuestro PLC. Aqu\u00ed se pueden consultar las distintas actuaciones que se llevan a cabo en nuestro centro en relaci\u00f3n con las cuatro destrezas ling\u00fc\u00edsticas: leer, escribir, hablar y escuchar.[\/vc_column_text][\/vc_column][\/vc_row][vc_row][vc_column][vc_toggle title=&#8221;PRUEBAS DE DIAGN\u00d3STICO&#8221; style=&#8221;square_outline&#8221; color=&#8221;peacoc&#8221; size=&#8221;sm&#8221;] Tras [&hellip;]<\/p>\n","protected":false},"author":2,"featured_media":0,"parent":0,"menu_order":0,"comment_status":"closed","ping_status":"closed","template":"template\/contact.php","meta":{"footnotes":""},"class_list":["post-1979","page","type-page","status-publish","hentry"],"_links":{"self":[{"href":"https:\/\/dev.iesislaverde.es\/index.php\/wp-json\/wp\/v2\/pages\/1979","targetHints":{"allow":["GET"]}}],"collection":[{"href":"https:\/\/dev.iesislaverde.es\/index.php\/wp-json\/wp\/v2\/pages"}],"about":[{"href":"https:\/\/dev.iesislaverde.es\/index.php\/wp-json\/wp\/v2\/types\/page"}],"author":[{"embeddable":true,"href":"https:\/\/dev.iesislaverde.es\/index.php\/wp-json\/wp\/v2\/users\/2"}],"replies":[{"embeddable":true,"href":"https:\/\/dev.iesislaverde.es\/index.php\/wp-json\/wp\/v2\/comments?post=1979"}],"version-history":[{"count":25,"href":"https:\/\/dev.iesislaverde.es\/index.php\/wp-json\/wp\/v2\/pages\/1979\/revisions"}],"predecessor-version":[{"id":3035,"href":"https:\/\/dev.iesislaverde.es\/index.php\/wp-json\/wp\/v2\/pages\/1979\/revisions\/3035"}],"wp:attachment":[{"href":"https:\/\/dev.iesislaverde.es\/index.php\/wp-json\/wp\/v2\/media?parent=1979"}],"curies":[{"name":"wp","href":"https:\/\/api.w.org\/{rel}","templated":true}]}}