{"id":2846,"date":"2020-06-22T18:51:35","date_gmt":"2020-06-22T18:51:35","guid":{"rendered":"https:\/\/www.iesislaverde.es\/?page_id=2846"},"modified":"2021-09-30T08:25:33","modified_gmt":"2021-09-30T08:25:33","slug":"matriculacion","status":"publish","type":"page","link":"https:\/\/dev.iesislaverde.es\/index.php\/matriculacion\/","title":{"rendered":"Matr\u00edculaci\u00f3n"},"content":{"rendered":"<p>[vc_row][vc_column][vc_empty_space][\/vc_column][\/vc_row][vc_row][vc_column][vc_column_text][\/vc_column_text][\/vc_column][\/vc_row][vc_row][vc_column][vc_column_text]<\/p>\n<h3 style=\"text-align: center;\"><strong>MATR\u00cdCULA CURSO 2021-2022<\/strong><\/h3>\n<p>[\/vc_column_text][vc_zigzag color=&#8221;green&#8221;][vc_column_text]Desde el presente curso la matriculaci\u00f3n se realizar\u00e1 en <strong>&#8220;Sobre Electr\u00f3nico&#8221;<\/strong> <strong>del 1 al 10 de julio<\/strong>\u00a0sin necesidad de descargar la documentaci\u00f3n:<\/p>\n<p>El acceso al tr\u00e1mite electr\u00f3nico de matriculaci\u00f3n se realizar\u00e1 con la\u00a0<strong>Clave iAnde<\/strong>\u00a0recibida a trav\u00e9s de la plataforma PASEN\/iPasen.[\/vc_column_text][vc_column_text]<\/p>\n<p style=\"text-align: center;\"><a href=\"https:\/\/drive.google.com\/file\/d\/1Gxhd_D7hrBkmGoK4EhChQlVM15ZrieK8\/view?usp=sharing\">Informaci\u00f3n para matr\u00edcula electr\u00f3nica en 1\u00ba ESO<\/a><\/p>\n<p style=\"text-align: center;\"><a href=\"https:\/\/drive.google.com\/file\/d\/1c8SF_F2bgFFPSZd4XDliSDWN-HxkwGUH\/view?usp=sharing\">Informaci\u00f3n para matr\u00edcula electr\u00f3nica en 2\u00baESO<\/a><\/p>\n<p style=\"text-align: center;\"><a href=\"https:\/\/drive.google.com\/file\/d\/1HWAKMSVCjYl7g72BRjh_pUuHBKkFRm35\/view?usp=sharing\">Informaci\u00f3n para matr\u00edcula electr\u00f3nica en 3\u00baESO<\/a><\/p>\n<p style=\"text-align: center;\"><a href=\"https:\/\/drive.google.com\/file\/d\/150MMYzHjxFhUGNaXjk7tLuTZctLCYw7F\/view?usp=sharing\">Informaci\u00f3n para matr\u00edcula electr\u00f3ncia en 4\u00baESO<\/a><\/p>\n<p style=\"text-align: center;\"><a href=\"https:\/\/drive.google.com\/file\/d\/11W1EZdmvwraCQXX8M1qDR2P156jgRk6M\/view?usp=sharing\">Informaci\u00f3n para matr\u00edcula electr\u00f3nica en bachillerato<\/a><\/p>\n<p style=\"text-align: center;\"><a href=\"https:\/\/drive.google.com\/file\/d\/1_PeilUFv9RcgDXoZkZV7Cn96NTHABldC\/view?usp=sharing\">SOLICITUD DE SERVICIO DE COMEDOR EN E.S.O. (EN IES BAELO CLAUDIA)<\/a><\/p>\n<p>[\/vc_column_text][vc_btn title=&#8221;ACCESO A SOBRE ELECTR\u00d3NICO DE MATR\u00cdCULA ESO&#8221; color=&#8221;success&#8221; align=&#8221;center&#8221; link=&#8221;url:https%3A%2F%2Fwww.juntadeandalucia.es%2Feducacion%2Fsecretariavirtual%2FaccesoTramite%2F413%2F|||&#8221;][vc_btn title=&#8221;ACCESO A SOBRE ELECTR\u00d3NICO DE MATR\u00cdCULA BACHILLERATO&#8221; color=&#8221;success&#8221; align=&#8221;center&#8221; link=&#8221;url:https%3A%2F%2Fwww.juntadeandalucia.es%2Feducacion%2Fsecretariavirtual%2FaccesoTramite%2F486%2F|||&#8221;][vc_btn title=&#8221;Videotutorial sobre electr\u00f3nico&#8221; color=&#8221;orange&#8221; align=&#8221;center&#8221; link=&#8221;url:https%3A%2F%2Fwww.youtube.com%2Fwatch%3Fv%3DAbhxxjyfb2A|||&#8221;][\/vc_column][\/vc_row][vc_row][vc_column][vc_column_text]El\u00a0<strong>pago del seguro escolar 1,12 \u20ac se realizar\u00e1 con tarjeta<\/strong>\u00a0a trav\u00e9s de la pasarela virtual de pago, para el alumnado a partir de 3\u00ba ESO. En caso de no hacerlo as\u00ed, deber\u00e1 abonarlo en la cuenta del centro y entregar el recibo en la secretar\u00eda.<\/p>\n<p>CC para el pago del Seguro Escolar,\u00a0<em>solo en el caso de no poder realizarse con tarjeta en el sobre electr\u00f3nico<\/em>:\u00a0<strong>ES02 2100 9166 75 2200210061<\/strong>\u00a01,12 \u20ac<\/p>\n<p>N\u00ba cuenta AMPA (La Caixa):\u00a0<strong>ES23 2100 8697 14 2200098576<\/strong>\u00a0 \u00a020\u20ac (solo un pago por familia, independientemente del n\u00famero de hijos\/as). Se realizar\u00e1 fuera del sistema de sobre electr\u00f3nico.<\/p>\n<p>Todo se realizar\u00e1 por sobre electr\u00f3nico de matr\u00edcula. El documento de la AMPA estar\u00e1 subido a la plataforma electr\u00f3nica.[\/vc_column_text][\/vc_column][\/vc_row][vc_row][vc_column][vc_zigzag color=&#8221;green&#8221;][vc_column_text]<\/p>\n<h2 style=\"text-align: center;\">PROCEDIMIENTO DE ENTREGA EN PAPEL EN EL CENTRO<\/h2>\n<p>[\/vc_column_text][vc_column_text]Solo en el caso de imposibilidad de hacerlo mediante sistema de sobre electr\u00f3nico, por fallo del sistema, se avisar\u00e1 y se deber\u00e1 descargar esta documentaci\u00f3n para depositarla en el centro en sobre cerrado con el nombre del alumno\/a\u00a0 y curso en el que se matricula.[\/vc_column_text][vc_column_text]<\/p>\n<ul>\n<li><strong>Documentos generales a incluir en el sobre:<\/strong>\n<ul>\n<li>En el sobre con los documentos debe incluir fotocopia del <u>D.N.I.<\/u> o en su defecto fotocopia de inscripci\u00f3n del alumno en el libro de familia y una foto tama\u00f1o carnet con nombre y apellidos al dorso.<\/li>\n<li>En los documentos de matr\u00edcula, en el apartado c\u00f3digo poner:<strong> 11000368<\/strong><\/li>\n<li><a href=\"https:\/\/www.dropbox.com\/s\/pw6jtd2b991pfiv\/ANEXO%20VII.pdf?dl=0\">Impreso de matriculacion alumnado de ESO (autorrellenable)<\/a><\/li>\n<li><a href=\"https:\/\/www.dropbox.com\/s\/zor3zj3g43q7utk\/ANEXO%20VIII.pdf?dl=0\">Impreso de Matriculaci\u00f3n alumnado de Bachillerato(autorrellenable)<\/a><\/li>\n<li><a href=\"https:\/\/drive.google.com\/file\/d\/1kE76dXcPb-rYdYdMp0HT35M6pY2qQ8BW\/view?usp=sharing\">Impreso de datos autorizados (solo menores de edad)<\/a><\/li>\n<li><a href=\"https:\/\/drive.google.com\/file\/d\/1lYfbakkTk4gHy4utFViN0Tr1Ic15xqQd\/view?usp=sharing\">Impreso de autorizaci\u00f3n para actividades complementarias y tratamiento de im\u00e1genes.<\/a><\/li>\n<li><a href=\"https:\/\/drive.google.com\/file\/d\/1Nv5-v8IKNB6Ni9lAchtz4pd-j_Def_AU\/view?usp=sharing\">Impreso para notificaciones electr\u00f3nicas PASEN<\/a><\/li>\n<li><a href=\"https:\/\/drive.google.com\/file\/d\/1027aNn0TXeafTjMM3Ffal1pFujqyAfFk\/view?usp=sharing\">Impreso elecci\u00f3n de Religi\u00f3n <\/a>(obligatorio en 1\u00ba ESO y 1\u00ba de bachillerato)<\/li>\n<li><a href=\"https:\/\/drive.google.com\/file\/d\/1E5yfeJ9N8PX5DbELMTspipUN6JfwNVv-\/view?usp=sharing\">Impreso para asociaci\u00f3n al AMPA<\/a><\/li>\n<li><a href=\"https:\/\/drive.google.com\/file\/d\/1oOFvTpN5JP3nqbCYv-BkH3qdKA6Mm4Vm\/view?usp=sharing\">Compromiso de matr\u00edcula (solo mayores de edad)<\/a><\/li>\n<li><a href=\"https:\/\/drive.google.com\/file\/d\/1cQodyknp7CqamiShOKfob6MKhU0nyd2p\/view?usp=sharing\">Carta informativa de la AMPA a las familias<\/a><\/li>\n<\/ul>\n<\/li>\n<\/ul>\n<p>[\/vc_column_text][vc_column_text]<\/p>\n<ul>\n<li><strong>Impreso descargable a rellenar seg\u00fan el curso en que se matricula a incluir en el sobre: <\/strong><\/li>\n<li><strong>El alumno\/a que tenga condicionada la promoci\u00f3n a la prueba de septiembre, deber\u00e1 entregar la hoja de optativa del curso actual y del curso al que promocionar\u00eda en caso de aprobar.<\/strong>\n<ul>\n<li><a href=\"https:\/\/drive.google.com\/file\/d\/1Z5-KlGxdWP2-wWweATkR2AqeuGRY_ZUu\/view?usp=sharing\">Asignaturas optativas 1\u00baESO<\/a><\/li>\n<li><a href=\"https:\/\/drive.google.com\/file\/d\/1ETbHTMqvHacnmKnyA-M4aE9bFxTnz8vR\/view?usp=sharing\">Asignaturas optativas 2\u00baESO<\/a><\/li>\n<li><a href=\"https:\/\/www.dropbox.com\/s\/t7trtdcu1w0wea1\/optativas_2_PMAR.pdf?dl=0\">Asignaturas optativas 2\u00baESO(PMAR I)<\/a><\/li>\n<li><a href=\"https:\/\/drive.google.com\/file\/d\/1ZwP6k4zpzSLWlvMDNpFnS-hzxsmLYOSp\/view?usp=sharing\">Asignaturas optativas 3\u00baESO<\/a><\/li>\n<li><a href=\"https:\/\/www.dropbox.com\/s\/gojr2312ubsrxq4\/optativas_3_PMAR.pdf?dl=0\">Asignaturas optativas 3\u00baESO(PMAR II)<\/a><\/li>\n<li><a href=\"https:\/\/drive.google.com\/file\/d\/1jFAzIl1KwLHkStsxh3TzbzRrcvjgC2Py\/view?usp=sharing\">Asignaturas optativas 4\u00baESO<\/a><\/li>\n<li><a href=\"https:\/\/drive.google.com\/file\/d\/1IsVzLFeiXTwRHjKCW2usqDOOW25J79K5\/view?usp=sharing\">Asignaturas optativas para 1\u00baBachillerato (Ciencias)<\/a><\/li>\n<li><a href=\"https:\/\/drive.google.com\/file\/d\/16awIli6ze8PTnSvA5ffSZy9Tvu9thmbI\/view?usp=sharing\">Asignaturas optativas para 1\u00baBachillerato(Humanidades y C.Sociales)<\/a><\/li>\n<li><a href=\"https:\/\/drive.google.com\/file\/d\/15-6ViAy1lOSC6998tSIvKMxvFyRcQ0zN\/view?usp=sharing\">Asignaturas optativas para 2\u00baBachillerato (Ciencias)<\/a><\/li>\n<li><a href=\"https:\/\/drive.google.com\/file\/d\/1Geku2c0p-jnHt0AEOIGXtj4KxCMH3vHL\/view?usp=sharing\">Asignaturas optativas para 2\u00baBachillerato(Humanidades y C. Sociales)<\/a><\/li>\n<\/ul>\n<\/li>\n<\/ul>\n<p>[\/vc_column_text][vc_column_text]Incluir la documentaci\u00f3n de los siguientes recibos:<\/p>\n<p>El\u00a0<strong>pago del seguro escolar 1,12 \u20ac se realizar\u00e1 <\/strong>para el alumnado a partir de 3\u00ba ESO. El pago se debe realizar en:<\/p>\n<p>https:\/\/www.juntadeandalucia.es\/educacion\/secretariavirtual\/seguroEscolar\/pagoSeguroEscolar\/<\/p>\n<p>O bien por transferencia o ingreso en la cuenta del centro, <em>\u00a0en el caso de no poder realizarse con tarjeta en el portal anterior<\/em>:\u00a0<strong>ES02 2100 9166 75 2200210061<\/strong>\u00a01,12 \u20ac<\/p>\n<p>N\u00ba cuenta AMPA (La Caixa):\u00a0<strong>ES23 2100 8697 14 2200098576<\/strong>\u00a0 \u00a020\u20ac (solo un pago por familia, independientemente del n\u00famero de hijos\/as). Se realizar\u00e1 fuera del sistema de sobre electr\u00f3nico.[\/vc_column_text][\/vc_column][\/vc_row][vc_row][vc_column][vc_zigzag color=&#8221;green&#8221;][vc_column_text]<strong>ALUMANDO QUE\u00a0 SIMULTANEA SUS ESTUDIOS CON LAS ENSE\u00d1ANZAS PROFESIONALES DE M\u00daSICA EN CONSERVATORIO:<\/strong><\/p>\n<p>Al amparo de la Orden de 1 de diciembre de 2009:<\/p>\n<p>-Dispensa de asistencia a clase de M\u00fasica en 1\u00ba ESO, por haber realizado la prueba de acceso a las ense\u00f1anzas profesionales de m\u00fasica o por estar cursando 1\u00ba de ense\u00f1anza profesional de m\u00fasica. <a href=\"https:\/\/drive.google.com\/file\/d\/1K-h_IfSp_HXFsYFlTjrKO8gnWMSE-BNs\/view?usp=sharing\">Anexo VIII aqu\u00ed<\/a> ( se entregar\u00e1 durante el mes de septiembre).<\/p>\n<p>-Convalidaci\u00f3n de la asignatura de M\u00fasica en 1\u00ba y 2\u00ba ESO por haber superado el m\u00f3dulo de instrumento principal en 1\u00ba de ense\u00f1anzas profesionales. <a href=\"https:\/\/drive.google.com\/file\/d\/1m6DwOCW3jsZ1D1-JO7l3YQHTD_nDuTLC\/view?usp=sharing\">Anexo VI aqu\u00ed<\/a><\/p>\n<p>-Solicitud para simultanear las Ense\u00f1anzas Profesionales de M\u00fasica y Bachillerato (solo se cursar\u00e1n las 4 materias troncales generales de bachillerato). Es recomendable estar cursando al menos 5\u00ba de ense\u00f1anzas profesionales y 1\u00ba de bachillerato de forma simult\u00e1nea. <a href=\"https:\/\/drive.google.com\/file\/d\/13IxkxKk9L80rApSPYRosf2-opsr_cYDg\/view?usp=sharing\">Anexo XII aqu\u00ed<\/a><\/p>\n<p>Esta documentaci\u00f3n (anexos VI o XII, seg\u00fan que casos) deber\u00e1 presentarse en el momento de la matr\u00edcula ( 1 al 10 de julio)[\/vc_column_text][\/vc_column][\/vc_row]<\/p>\n","protected":false},"excerpt":{"rendered":"<p>[vc_row][vc_column][vc_empty_space][\/vc_column][\/vc_row][vc_row][vc_column][vc_column_text][\/vc_column_text][\/vc_column][\/vc_row][vc_row][vc_column][vc_column_text] MATR\u00cdCULA CURSO 2021-2022 [\/vc_column_text][vc_zigzag color=&#8221;green&#8221;][vc_column_text]Desde el presente curso la matriculaci\u00f3n se realizar\u00e1 en &#8220;Sobre Electr\u00f3nico&#8221; del 1 al 10 de julio\u00a0sin necesidad de descargar la documentaci\u00f3n: El acceso al tr\u00e1mite electr\u00f3nico de matriculaci\u00f3n se realizar\u00e1 con la\u00a0Clave iAnde\u00a0recibida a trav\u00e9s de la plataforma PASEN\/iPasen.[\/vc_column_text][vc_column_text] Informaci\u00f3n para matr\u00edcula electr\u00f3nica en 1\u00ba ESO Informaci\u00f3n para matr\u00edcula [&hellip;]<\/p>\n","protected":false},"author":15,"featured_media":0,"parent":0,"menu_order":0,"comment_status":"closed","ping_status":"closed","template":"template\/contact.php","meta":{"footnotes":""},"class_list":["post-2846","page","type-page","status-publish","hentry"],"_links":{"self":[{"href":"https:\/\/dev.iesislaverde.es\/index.php\/wp-json\/wp\/v2\/pages\/2846","targetHints":{"allow":["GET"]}}],"collection":[{"href":"https:\/\/dev.iesislaverde.es\/index.php\/wp-json\/wp\/v2\/pages"}],"about":[{"href":"https:\/\/dev.iesislaverde.es\/index.php\/wp-json\/wp\/v2\/types\/page"}],"author":[{"embeddable":true,"href":"https:\/\/dev.iesislaverde.es\/index.php\/wp-json\/wp\/v2\/users\/15"}],"replies":[{"embeddable":true,"href":"https:\/\/dev.iesislaverde.es\/index.php\/wp-json\/wp\/v2\/comments?post=2846"}],"version-history":[{"count":62,"href":"https:\/\/dev.iesislaverde.es\/index.php\/wp-json\/wp\/v2\/pages\/2846\/revisions"}],"predecessor-version":[{"id":3538,"href":"https:\/\/dev.iesislaverde.es\/index.php\/wp-json\/wp\/v2\/pages\/2846\/revisions\/3538"}],"wp:attachment":[{"href":"https:\/\/dev.iesislaverde.es\/index.php\/wp-json\/wp\/v2\/media?parent=2846"}],"curies":[{"name":"wp","href":"https:\/\/api.w.org\/{rel}","templated":true}]}}