{"id":2904,"date":"2020-06-24T16:16:58","date_gmt":"2020-06-24T16:16:58","guid":{"rendered":"https:\/\/www.iesislaverde.es\/?page_id=2904"},"modified":"2021-09-30T16:18:02","modified_gmt":"2021-09-30T16:18:02","slug":"matriculacion-ciclos-formativos","status":"publish","type":"page","link":"https:\/\/dev.iesislaverde.es\/index.php\/matriculacion-ciclos-formativos\/","title":{"rendered":"Matriculaci\u00f3n Ciclos Formativos"},"content":{"rendered":"<p>[vc_row][vc_column][vc_empty_space][\/vc_column][\/vc_row][vc_row][vc_column][vc_column_text]<\/p>\n<div class=\"col-sm-8 heading-right\">\n<p>Para todos los tr\u00e1mites se necesita CLAVE iAnde.<\/p>\n<ul class=\"privacy-listing\">\n<li>\n<p id=\"h.p_wjG38AkkLZDq\" class=\"zfr3Q\"><strong>Fechas para la matriculaci\u00f3n FP alumnado del centro que promociona a 2\u00ba o repite curso: <\/strong><\/p>\n<p id=\"h.p_i2N4OKlpLf-z\" class=\"zfr3Q\"><strong>25 de Junio al 30 de Junio<\/strong>: Formaci\u00f3n Profesional B\u00e1sica, Grado Medio de Actividades Comerciales, Grado Superior de Comercio Internacional y Grado Superior de Transporte y Log\u00edstica.\u00a0 Se realizar\u00e1 a trav\u00e9s del procedimiento establecido por la secretar\u00eda y el departamento.<\/p>\n<\/li>\n<li><strong>MATRICULACI\u00d3N DEL ALUMNADO DE NUEVA ADMISI\u00d3N: se regir\u00e1 por el calendario establecido\u00a0 a trav\u00e9s la Secretar\u00eda Virtual de los centros educativos.<\/strong><\/li>\n<\/ul>\n<p style=\"text-align: center;\"><a href=\"https:\/\/drive.google.com\/file\/d\/1MSMrpcb0WgY5hEbeE5HJ5BT9k94iwSUx\/view?usp=sharing\">Calendario general de admisi\u00f3n y matriculaci\u00f3n<\/a><\/p>\n<\/div>\n<p>[\/vc_column_text][\/vc_column][\/vc_row][vc_row][vc_column][vc_empty_space][\/vc_column][\/vc_row][vc_row][vc_column][vc_column_text]<\/p>\n<div class=\"col-sm-8 heading-right\">\n<ul class=\"privacy-listing\">\n<li>ACCESO A LOS TR\u00c1MITES Y DOCUMENTACI\u00d3N A ADJUNTAR UNA VEZ SE HA OBTENIDO PLAZA:<\/li>\n<\/ul>\n<h3><\/h3>\n<ul>\n<li style=\"list-style-type: none;\">\n<ul>\n<li><a href=\"https:\/\/www.juntadeandalucia.es\/educacion\/secretariavirtual\/accesoTramite\/286\/\">Enlace a matr\u00edcula en Formaci\u00f3n Profesional B\u00e1sica<\/a><\/li>\n<li><a href=\"https:\/\/www.juntadeandalucia.es\/educacion\/secretariavirtual\/accesoTramite\/287\/\">Reserva en Formaci\u00f3n Profesional B\u00e1sica (a la espera de la 2\u00aa adjudicaci\u00f3n)<\/a><\/li>\n<li><a href=\"https:\/\/www.juntadeandalucia.es\/educacion\/secretariavirtual\/accesoTramite\/498\/\">Enlace a matr\u00edcula FP Grado Medio<\/a><\/li>\n<li><a href=\"https:\/\/www.juntadeandalucia.es\/educacion\/secretariavirtual\/accesoTramite\/497\/\">Enlace a matr\u00edcula FP Grado Superior<\/a><\/li>\n<li><a href=\"https:\/\/www.juntadeandalucia.es\/educacion\/secretariavirtual\/accesoTramite\/282\/\">Tr\u00e1mite de reserva de plaza en Grado Medio o Superior (a la espera de la 2\u00aa adjudicaci\u00f3n)<\/a><\/li>\n<li><a href=\"http:\/\/portals.ced.junta-andalucia.es\/educacion\/portals\/web\/formacion-profesional-andaluza\/quiero-formarme\/modalidades\/fp-dual\">Informaci\u00f3n de la Modalidad de FP dual<\/a><\/li>\n<li><a href=\"https:\/\/drive.google.com\/file\/d\/1wlYWl_C6QFErK6m-3veK2RIivd-2GATT\/view?usp=sharing\">Informaci\u00f3n y modelo de compromiso en FP dual CFG Medio Actividades Comerciales<\/a><\/li>\n<li><a href=\"https:\/\/drive.google.com\/file\/d\/1hEbxhli8AJgfiGcwEvXVUFkrzLqFUJGw\/view?usp=sharing\">Informaci\u00f3n y modelo de compromiso en FP dual CFG Superior Comercio Internacional<\/a><\/li>\n<li><a href=\"https:\/\/drive.google.com\/file\/d\/1riCWaxZP1PmV924luSn0evj_bYCYAuaF\/view?usp=sharing\">Informaci\u00f3n y modelo de compromiso en FP dual CFG Superior Transporte y Log\u00edstica<\/a><\/li>\n<li><a href=\"https:\/\/www.dropbox.com\/s\/8lipym5tb29kwwj\/compromiso_matricula_FP.pdf?dl=0\">Compromiso Matr\u00edcula con el Plan de Centro y el horario de cumplimiento.<\/a><\/li>\n<\/ul>\n<\/li>\n<\/ul>\n<\/div>\n<ul>\n<li>MUY IMPORTANTE: El <strong>pago del seguro escolar 1,12 \u20ac se realizar\u00e1 con tarjeta<\/strong> a trav\u00e9s de la pasarela virtual de pago. En caso de no hacerlo as\u00ed, deber\u00e1 abonarlo en la cuenta del centro y entregar o enviar el recibo en la secretar\u00eda por correo electr\u00f3nico.<\/li>\n<li>CC para el pago del Seguro Escolar,\u00a0<em>solo en el caso de no poder realizarse con tarjeta en el sobre electr\u00f3nico<\/em>:\u00a0<strong>ES02 2100 9166 75 2200210061<\/strong>\u00a01,12 \u20ac<\/li>\n<\/ul>\n<p>[\/vc_column_text][\/vc_column][\/vc_row][vc_row][vc_column][vc_empty_space][\/vc_column][\/vc_row]<\/p>\n","protected":false},"excerpt":{"rendered":"<p>[vc_row][vc_column][vc_empty_space][\/vc_column][\/vc_row][vc_row][vc_column][vc_column_text] Para todos los tr\u00e1mites se necesita CLAVE iAnde. Fechas para la matriculaci\u00f3n FP alumnado del centro que promociona a 2\u00ba o repite curso: 25 de Junio al 30 de Junio: Formaci\u00f3n Profesional B\u00e1sica, Grado Medio de Actividades Comerciales, Grado Superior de Comercio Internacional y Grado Superior de Transporte y Log\u00edstica.\u00a0 Se realizar\u00e1 a trav\u00e9s [&hellip;]<\/p>\n","protected":false},"author":15,"featured_media":0,"parent":0,"menu_order":0,"comment_status":"closed","ping_status":"closed","template":"template\/contact.php","meta":{"footnotes":""},"class_list":["post-2904","page","type-page","status-publish","hentry"],"_links":{"self":[{"href":"https:\/\/dev.iesislaverde.es\/index.php\/wp-json\/wp\/v2\/pages\/2904","targetHints":{"allow":["GET"]}}],"collection":[{"href":"https:\/\/dev.iesislaverde.es\/index.php\/wp-json\/wp\/v2\/pages"}],"about":[{"href":"https:\/\/dev.iesislaverde.es\/index.php\/wp-json\/wp\/v2\/types\/page"}],"author":[{"embeddable":true,"href":"https:\/\/dev.iesislaverde.es\/index.php\/wp-json\/wp\/v2\/users\/15"}],"replies":[{"embeddable":true,"href":"https:\/\/dev.iesislaverde.es\/index.php\/wp-json\/wp\/v2\/comments?post=2904"}],"version-history":[{"count":37,"href":"https:\/\/dev.iesislaverde.es\/index.php\/wp-json\/wp\/v2\/pages\/2904\/revisions"}],"predecessor-version":[{"id":3556,"href":"https:\/\/dev.iesislaverde.es\/index.php\/wp-json\/wp\/v2\/pages\/2904\/revisions\/3556"}],"wp:attachment":[{"href":"https:\/\/dev.iesislaverde.es\/index.php\/wp-json\/wp\/v2\/media?parent=2904"}],"curies":[{"name":"wp","href":"https:\/\/api.w.org\/{rel}","templated":true}]}}