{"id":551,"date":"2018-05-02T18:32:51","date_gmt":"2018-05-02T18:32:51","guid":{"rendered":"http:\/\/www.iesislaverde.es\/?page_id=551"},"modified":"2020-05-19T16:53:13","modified_gmt":"2020-05-19T16:53:13","slug":"historia","status":"publish","type":"page","link":"https:\/\/dev.iesislaverde.es\/index.php\/historia\/","title":{"rendered":"Historia del Instituto"},"content":{"rendered":"<p>[vc_row][vc_column][vc_empty_space][\/vc_column][\/vc_row][vc_row][vc_column][\/vc_column][\/vc_row][vc_row][vc_column][vc_column_text]<\/p>\n<p style=\"text-align: justify;\">El Instituto Isla Verde, actualmente ubicado en la Carretera a M\u00e1laga desde octubre de 1969, era entonces el \u201cInstituto Nacional de Ense\u00f1anza Media Mixto de Algeciras\u201d. Realmente el nombre de \u201cIsla Verde\u201d fue acordado en claustro e informado por el director al Ministerio de Educaci\u00f3n, que resuelve favorablemente esta denominaci\u00f3n el 30 de octubre de 1969 (BOE 22-11-1969). Posteriormente, desde 1970, fue Instituto Nacional de Bachillerato Masculino \u201cIsla Verde\u201d y en el a\u00f1o 1978 Instituto Nacional de Bachillerato Mixto 1 \u201cIsla Verde\u201d. Podr\u00e1 extra\u00f1ar esta primera numeraci\u00f3n, cuando el edificio donde se ubica no es f\u00edsicamente el m\u00e1s antiguo de la ciudad. Hay que recurrir al origen del primer instituto de Algeciras para entender esta numeraci\u00f3n.<\/p>\n<p>&nbsp;<\/p>\n<p style=\"text-align: justify;\">La Historia del Instituto de Algeciras se remonta al a\u00f1o 1929. Por entonces, el Instituto carec\u00eda de dependencias propias, imparti\u00e9ndose las clases en un edificio particular de la Calle Segismundo Moret, perteneciente a la familia Gonz\u00e1lez Gaggero, dependientes entonces del Consistorio, con innumerables problemas, reivindicaciones de mejoras de instalaciones, destituciones de profesorado, etc. En el a\u00f1o 1933 pas\u00f3 a instalarse en el Paseo de la Conferencia, en una construcci\u00f3n de madera, el \u201cKursaal\u201d. Situado en la playa del Chorruelo, se trataba de un antiguo casino-balneario que tras a\u00f1os de abandono y continuos temporales lo hab\u00edan convertido en otra sede poco adecuada. Este traslado, que se realiz\u00f3 con car\u00e1cter provisional, no acallar\u00e1 las reivindicaciones del claustro, que solicitaba un edificio adecuado para albergar las instalaciones de un centro educativo.\u00a0 A finales de 1934 el Ministerio de Instrucci\u00f3n P\u00fablica promueve el inicio de las obras de un nuevo edificio en el antiguo Cerro del Mercado, en la cima de los Altos del Calvario. Con el estallido de la Guerra Civil no s\u00f3lo se produce la paralizaci\u00f3n de las obras, sino la propia supresi\u00f3n del instituto, traslad\u00e1ndose al profesorado existente al Hispano-Marroqu\u00ed de Ceuta. A pesar de esta disposici\u00f3n, durante los tres a\u00f1os de contienda no dej\u00f3 de impartirse la actividad docente, ya que fueron padres de alumnos los que dieron las clases a unos pupilos que luego eran examinados al otro lado del estrecho.<\/p>\n<p>&nbsp;<\/p>\n<p style=\"text-align: justify;\">El fin de la guerra trajo consigo dos inesperadas noticias: en primer lugar, la reapertura del Instituto de Algeciras, en segundo, la consideraci\u00f3n de su car\u00e1cter nacional, con lo que dejar\u00e1 de depender econ\u00f3micamente del consistorio. Los primeros a\u00f1os de postguerra fueron especialmente duros, ya que las obras del nuevo edificio contin\u00faan de forma casi imperceptible, mientras que la docencia se segu\u00eda impartiendo en los obsoletos locales del antiguo balneario.<\/p>\n<p>&nbsp;<\/p>\n<p style=\"text-align: justify;\">El 16 de octubre de 1942, un incendio destruy\u00f3 el armaz\u00f3n del \u201cKursaal\u201d, salv\u00e1ndose sorprendentemente sus archivos. El Instituto tuvo sus primeras dependencias propias ese mismo a\u00f1o, en el edificio del actual Instituto \u201cKursaal\u201d, y que como se hallaba en fase de construcci\u00f3n, comenzaron a impartirse las clases en una nave.<\/p>\n<p style=\"text-align: justify;\">Un cuarto de siglo despu\u00e9s, la poblaci\u00f3n escolar desbord\u00f3 su capacidad, y en el a\u00f1o 1969 se erigi\u00f3 nuestro centro, con una capacidad de hasta mil doscientos alumnos, en una zona situada entonces a las afueras de la ciudad, en la Carretera de M\u00e1laga. All\u00ed se trasladaron, su director, D. Alberto Fern\u00e1ndez Gir\u00f3n (nombrado en 1964), profesorado, alumnado, archivos y mobiliario. Permaneciendo insuficiente su espacio, ya en el curso 1970-71, se destin\u00f3 a las alumnas al edificio que se hab\u00eda utilizado en la etapa anterior y que hab\u00eda quedado como \u201csecci\u00f3n delegada\u201d, pasando \u00e9ste a denominarse \u201cInstituto Femenino\u201d, despu\u00e9s, \u201cInsituto Mixto n\u00ba 2 de Algeciras, y finalmente, \u201cKursaal\u201d.<\/p>\n<p>&nbsp;<\/p>\n<p style=\"text-align: justify;\">Archivos y buena parte del profesorado permanecieron en el actual \u201cIsla Verde\u201d, conocido en ese tiempo como \u201cInstituto Masculino\u201d, hasta que la resoluci\u00f3n para el curso 1978-1979 clasifica a ambos Institutos como mixtos, aleg\u00e1ndose una distribuci\u00f3n m\u00e1s equilibrada de los escolares entre ambos centros. El Instituto pas\u00f3 a denominarse Instituto Nacional de Bachillerato Mixto N\u00ba1 de Algeciras \u201cIsla Verde\u201d.<\/p>\n<p>&nbsp;<\/p>\n<p style=\"text-align: justify;\">El primer Instituto de Algeciras, despu\u00e9s de pasar por cuatro ubicaciones diferentes, finaliza as\u00ed su peregrinar en nuestro edificio. Existe actualmente una confusi\u00f3n en torno a cu\u00e1l es el instituto m\u00e1s antiguo de Algeciras. La anterioridad del edificio de la Avenida de Europa induce a pensar que es el primer instituto de la ciudad. Sin embargo, por lo anteriormente expuesto, y el hecho de que sigue siendo el depositario de los archivos y los expedientes de todos los alumnos de la comarca desde 1929 a 1970, as\u00ed como la continuidad en los nombramientos del personal y en los libros de actas con el cambio de ubicaci\u00f3n, se\u00f1alan al \u201cIsla Verde\u201d como el heredero directo de aquel primigenio centro de la Calle Segismundo Moret.<\/p>\n<p>&nbsp;<\/p>\n<p>Confusiones aparte, lo cierto es que desde el a\u00f1o 1929, son muchos los profesores que se est\u00e1n relevando para contribuir a la formaci\u00f3n del alumnado algecire\u00f1o. A todos ellos, nuestro saludo y nuestro reconocimiento.<\/p>\n<p>[\/vc_column_text][vc_column_text]<a href=\"https:\/\/www.youtube.com\/watch?v=IsnRst2bM1A&amp;t=336s\">V\u00eddeo conmemorativo 50\u00ba aniversario<\/a><\/p>\n<p><a href=\"https:\/\/www.dropbox.com\/sh\/6yn3skkd8kouegk\/AADPR38Rd4obSHkbnmAQElH_a?dl=0\">Acto de conmemoraci\u00f3n del 50\u00ba aniversario. Conferencia, coloquio y encuentro<\/a><\/p>\n<p><a href=\"https:\/\/www.dropbox.com\/sh\/hdzrcphy6mpcgwq\/AABg5UK5Ns504VXhQQjqxXzya?dl=0\">Presentaci\u00f3n del cartel del 50\u00ba aniversario del nuestro centro en su ubicaci\u00f3n actual.<\/a><\/p>\n<p><a href=\"https:\/\/www.dropbox.com\/sh\/e6qx1wvyn91rtgg\/1lP1DMAG65\">Fotos de los \u00faltimos 40 a\u00f1os de nuestro centro<\/a><\/p>\n<p><a href=\"https:\/\/www.youtube.com\/watch?v=SehBSGUU7eI&amp;t=174s\">V\u00eddeo conmemorativo 40 aniversario<\/a><\/p>\n<p><a href=\"https:\/\/dev.iesislaverde.es\/index.php\/revista_tripode\/\">Revista Tr\u00edpode<\/a><\/p>\n<p><a href=\"https:\/\/dev.iesislaverde.es\/wp-content\/uploads\/2020\/05\/revista_isla_verde_1973.pdf\">La primera revista del Instituto-1973<\/a>[\/vc_column_text][\/vc_column][\/vc_row]<\/p>\n","protected":false},"excerpt":{"rendered":"<p>[vc_row][vc_column][vc_empty_space][\/vc_column][\/vc_row][vc_row][vc_column][\/vc_column][\/vc_row][vc_row][vc_column][vc_column_text] El Instituto Isla Verde, actualmente ubicado en la Carretera a M\u00e1laga desde octubre de 1969, era entonces el \u201cInstituto Nacional de Ense\u00f1anza Media Mixto de Algeciras\u201d. Realmente el nombre de \u201cIsla Verde\u201d fue acordado en claustro e informado por el director al Ministerio de Educaci\u00f3n, que resuelve favorablemente esta denominaci\u00f3n el 30 de octubre [&hellip;]<\/p>\n","protected":false},"author":15,"featured_media":0,"parent":0,"menu_order":0,"comment_status":"closed","ping_status":"closed","template":"template\/contact.php","meta":{"footnotes":""},"class_list":["post-551","page","type-page","status-publish","hentry"],"_links":{"self":[{"href":"https:\/\/dev.iesislaverde.es\/index.php\/wp-json\/wp\/v2\/pages\/551","targetHints":{"allow":["GET"]}}],"collection":[{"href":"https:\/\/dev.iesislaverde.es\/index.php\/wp-json\/wp\/v2\/pages"}],"about":[{"href":"https:\/\/dev.iesislaverde.es\/index.php\/wp-json\/wp\/v2\/types\/page"}],"author":[{"embeddable":true,"href":"https:\/\/dev.iesislaverde.es\/index.php\/wp-json\/wp\/v2\/users\/15"}],"replies":[{"embeddable":true,"href":"https:\/\/dev.iesislaverde.es\/index.php\/wp-json\/wp\/v2\/comments?post=551"}],"version-history":[{"count":12,"href":"https:\/\/dev.iesislaverde.es\/index.php\/wp-json\/wp\/v2\/pages\/551\/revisions"}],"predecessor-version":[{"id":2692,"href":"https:\/\/dev.iesislaverde.es\/index.php\/wp-json\/wp\/v2\/pages\/551\/revisions\/2692"}],"wp:attachment":[{"href":"https:\/\/dev.iesislaverde.es\/index.php\/wp-json\/wp\/v2\/media?parent=551"}],"curies":[{"name":"wp","href":"https:\/\/api.w.org\/{rel}","templated":true}]}}